{"id":784,"date":"2026-02-17T11:25:30","date_gmt":"2026-02-17T10:25:30","guid":{"rendered":"https:\/\/undev.cat\/unidad-de-adultos\/"},"modified":"2026-03-06T08:25:26","modified_gmt":"2026-03-06T07:25:26","slug":"unidad-de-adultos","status":"publish","type":"page","link":"https:\/\/undev.cat\/es\/unidad-de-adultos\/","title":{"rendered":"Unidad de adultos"},"content":{"rendered":"<div class=\"wpb-content-wrapper\"><p>[vc_section full_width=\u00bbstretch_row\u00bb css=\u00bb.vc_custom_1771257344577{padding-top: 80px !important;padding-bottom: 80px !important;}\u00bb conditional_render=\u00bb%5B%7B%22value_role%22%3A%22administrator%22%7D%5D\u00bb css_params=\u00bb\u00bb][vc_row gap=\u00bb35&#8243; content_placement=\u00bbmiddle\u00bb conditional_render=\u00bb%5B%7B%22value_role%22%3A%22administrator%22%7D%5D\u00bb css_params=\u00bb\u00bb][vc_column width=\u00bb2\/3&#8243; animation_type=\u00bbfadeInRight\u00bb conditional_render=\u00bb%5B%7B%22value_role%22%3A%22administrator%22%7D%5D\u00bb css_params=\u00bb\u00bb][vc_column_text css=\u00bb\u00bb css_params=\u00bb\u00bb text_typography=\u00bb{\u00abfamily\u00ab:\u00abDefault\u00ab,\u00abvariant\u00ab:\u00ab500\u00ab,\u00abfont_size\u00ab:\u00ab1.1em\u00ab,\u00abline_height\u00ab:\u00ab1.2em\u00ab,\u00abletter_spacing\u00ab:\u00ab\u00ab,\u00abtext_transform\u00ab:\u00abnone\u00ab}\u00bb]La Unidad de Adultos de UNDEV naci\u00f3 para dar respuesta a una necesidad cada vez m\u00e1s presente: adultos que, a partir del diagn\u00f3stico de su hijo o hija, se reconocen en determinadas caracter\u00edsticas cognitivas, emocionales o de funcionamiento, y desean comprenderse mejor.<\/p>\n<p>Se trata a menudo de personas que han convivido durante a\u00f1os con dificultades no identificadas, con un sentimiento de diferencia, o con un alto potencial que no fue reconocido en su momento. Otros adultos llegan con una trayectoria de constante esfuerzo, cansancio o desajuste, sin haber podido poner nombre a su funcionamiento.[\/vc_column_text][\/vc_column][vc_column width=\u00bb1\/3&#8243; css=\u00bb.vc_custom_1771258476879{padding-left: 50px !important;}\u00bb conditional_render=\u00bb%5B%7B%22value_role%22%3A%22administrator%22%7D%5D\u00bb css_params=\u00bb{\u00abcss_padding_left_xxl\u00ab:\u00ab40px\u00ab,\u00abcss_padding_left_xl\u00ab:\u00ab30px\u00ab,\u00abcss_padding_left_lg\u00ab:\u00ab25px\u00ab,\u00abcss_padding_right_md\u00ab:\u00ab17px\u00ab,\u00abcss_padding_left_md\u00ab:\u00ab17px\u00ab}\u00bb custom_css_response=\u00bb@media(max-width:porto-xxlpx){.vc_custom_1771258476879{padding-left:40px!important;}}@media(max-width:porto-xlpx){.vc_custom_1771258476879{padding-left:30px!important;}}@media(max-width:991px){.vc_custom_1771258476879{padding-left:25px!important;}}@media(max-width:767px){.vc_custom_1771258476879{padding-right:17px!important;padding-left:17px!important;}}\u00bb][\/vc_column][\/vc_row][\/vc_section][vc_section full_width=\u00bbstretch_row\u00bb css=\u00bb.vc_custom_1771318866614{padding-top: 80px !important;padding-bottom: 80px !important;background-color: #efefef !important;}\u00bb conditional_render=\u00bb%5B%7B%22value_role%22%3A%22administrator%22%7D%5D\u00bb css_params=\u00bb\u00bb][vc_row gap=\u00bb35&#8243; content_placement=\u00bbmiddle\u00bb conditional_render=\u00bb%5B%7B%22value_role%22%3A%22administrator%22%7D%5D\u00bb css_params=\u00bb\u00bb][vc_column width=\u00bb1\/2&#8243; animation_type=\u00bbfadeInRight\u00bb conditional_render=\u00bb%5B%7B%22value_role%22%3A%22administrator%22%7D%5D\u00bb css_params=\u00bb\u00bb][vc_custom_heading text=\u00bb\u00bfQu\u00e9 ofrecemos?\u00bb use_theme_fonts=\u00bbyes\u00bb css_params=\u00bb\u00bb][vc_column_text css=\u00bb\u00bb css_params=\u00bb\u00bb]<strong>Evaluaci\u00f3n neuropsicol\u00f3gica en adultos<\/strong><\/p>\n<ul>\n<li>Atenci\u00f3n y funciones ejecutivas.<\/li>\n<li>Estilo cognitivo y procesamiento de la informaci\u00f3n.<\/li>\n<li>Memoria, lenguaje y velocidad de procesamiento.<\/li>\n<li>Cognici\u00f3n social y regulaci\u00f3n emocional.<\/li>\n<\/ul>\n<p><strong>Valoraci\u00f3n diagn\u00f3stica u orientativa<\/strong><\/p>\n<ul>\n<li>Confirmaci\u00f3n o descarte de determinados perfiles (trastornos del aprendizaje, ACI, TEA).<\/li>\n<li>Valoraciones orientativas que permitan entender su propio funcionamiento.<\/li>\n<li>Informes neuropsicol\u00f3gicos adaptados a la finalidad del proceso.<\/li>\n<\/ul>\n<p><strong>Devoluci\u00f3n comprensiva del perfil<\/strong><\/p>\n<ul>\n<li>Con una mirada integradora y no estigmatizante.<\/li>\n<\/ul>\n<p><strong>Orientaci\u00f3n y acompa\u00f1amiento psicol\u00f3gico:<\/strong><\/p>\n<ul>\n<li>Autoconocimiento.<\/li>\n<li>Relectura de la propia historia acad\u00e9mica y vital.<\/li>\n<li>Ajustes personales, familiares y profesionales.<\/li>\n<\/ul>\n<p>[\/vc_column_text][\/vc_column][vc_column width=\u00bb1\/2&#8243; animation_delay=\u00bb150&#8243; css=\u00bb.vc_custom_1771344388678{padding-left: 50px !important;}\u00bb conditional_render=\u00bb%5B%7B%22value_role%22%3A%22administrator%22%7D%5D\u00bb css_params=\u00bb{\u00abcss_padding_left_xxl\u00ab:\u00ab40px\u00ab,\u00abcss_padding_left_xl\u00ab:\u00ab30px\u00ab,\u00abcss_padding_left_lg\u00ab:\u00ab25px\u00ab,\u00abcss_padding_right_md\u00ab:\u00ab17px\u00ab,\u00abcss_padding_left_md\u00ab:\u00ab17px\u00ab}\u00bb custom_css_response=\u00bb@media(max-width:porto-xxlpx){.vc_custom_1771344388678{padding-left:40px!important;}}@media(max-width:porto-xlpx){.vc_custom_1771344388678{padding-left:30px!important;}}@media(max-width:991px){.vc_custom_1771344388678{padding-left:25px!important;}}@media(max-width:767px){.vc_custom_1771344388678{padding-right:17px!important;padding-left:17px!important;}}\u00bb animation_type=\u00bbfadeInRight\u00bb][vc_single_image image=\u00bb782&#8243; img_size=\u00bbfull\u00bb css=\u00bb\u00bb img_object=\u00bbcover\u00bb img_pos=\u00bbbottom center\u00bb el_class=\u00bbmlh_img_rounded\u00bb css_params=\u00bb\u00bb img_width=\u00bb{\u00abxl\u00ab:\u00ab100\u00ab,\u00abunit\u00ab:\u00ab%\u00ab,\u00abxs\u00ab:\u00ab\u00ab,\u00absm\u00ab:\u00ab\u00ab,\u00abmd\u00ab:\u00ab\u00ab,\u00ablg\u00ab:\u00ab\u00ab}\u00bb img_height=\u00bb{\u00abxl\u00ab:\u00ab625\u00ab,\u00abunit\u00ab:\u00ab\u00ab,\u00abxs\u00ab:\u00ab\u00ab,\u00absm\u00ab:\u00ab\u00ab,\u00abmd\u00ab:\u00ab\u00ab,\u00ablg\u00ab:\u00ab\u00ab}\u00bb][\/vc_column][\/vc_row][\/vc_section][vc_section full_width=\u00bbstretch_row\u00bb css=\u00bb.vc_custom_1771318917311{padding-top: 80px !important;padding-bottom: 80px !important;}\u00bb conditional_render=\u00bb%5B%7B%22value_role%22%3A%22administrator%22%7D%5D\u00bb css_params=\u00bb\u00bb][vc_row gap=\u00bb35&#8243; content_placement=\u00bbmiddle\u00bb conditional_render=\u00bb%5B%7B%22value_role%22%3A%22administrator%22%7D%5D\u00bb css_params=\u00bb\u00bb][vc_column width=\u00bb1\/2&#8243; css=\u00bb.vc_custom_1771344400131{padding-right: 50px !important;}\u00bb conditional_render=\u00bb%5B%7B%22value_role%22%3A%22administrator%22%7D%5D\u00bb css_params=\u00bb{\u00abcss_padding_right_xxl\u00ab:\u00ab40px\u00ab,\u00abcss_padding_right_xl\u00ab:\u00ab30px\u00ab,\u00abcss_padding_right_lg\u00ab:\u00ab25px\u00ab,\u00abcss_padding_right_md\u00ab:\u00ab17px\u00ab,\u00abcss_padding_left_md\u00ab:\u00ab17px\u00ab}\u00bb custom_css_response=\u00bb@media(max-width:porto-xxlpx){.vc_custom_1771344400131{padding-right:40px!important;}}@media(max-width:porto-xlpx){.vc_custom_1771344400131{padding-right:30px!important;}}@media(max-width:991px){.vc_custom_1771344400131{padding-right:25px!important;}}@media(max-width:767px){.vc_custom_1771344400131{padding-right:17px!important;padding-left:17px!important;}}\u00bb el_class=\u00bbmlh_orden_despues\u00bb animation_type=\u00bbfadeInRight\u00bb][vc_single_image image=\u00bb783&#8243; img_size=\u00bbfull\u00bb css=\u00bb\u00bb img_object=\u00bbcover\u00bb img_pos=\u00bbcenter center\u00bb el_class=\u00bbmlh_img_rounded\u00bb css_params=\u00bb\u00bb img_width=\u00bb{\u00abxl\u00ab:\u00ab100\u00ab,\u00abunit\u00ab:\u00ab%\u00ab,\u00abxs\u00ab:\u00ab\u00ab,\u00absm\u00ab:\u00ab\u00ab,\u00abmd\u00ab:\u00ab\u00ab,\u00ablg\u00ab:\u00ab\u00ab}\u00bb img_height=\u00bb{\u00abxl\u00ab:\u00ab370\u00ab,\u00abunit\u00ab:\u00ab\u00ab,\u00abxs\u00ab:\u00ab\u00ab,\u00absm\u00ab:\u00ab\u00ab,\u00abmd\u00ab:\u00ab\u00ab,\u00ablg\u00ab:\u00ab\u00ab}\u00bb label=\u00bb\u00bb][\/vc_column][vc_column width=\u00bb1\/2&#8243; animation_delay=\u00bb150&#8243; animation_type=\u00bbfadeInRight\u00bb conditional_render=\u00bb%5B%7B%22value_role%22%3A%22administrator%22%7D%5D\u00bb css_params=\u00bb\u00bb][vc_custom_heading text=\u00bbObjetivo de la Unidad de adultos\u00bb use_theme_fonts=\u00bbyes\u00bb css_params=\u00bb\u00bb][vc_column_text css=\u00bb\u00bb css_params=\u00bb\u00bb]Acompa\u00f1ar a la persona adulta en un <strong>proceso de comprensi\u00f3n y resignificaci\u00f3n<\/strong> de su funcionamiento, facilitando herramientas para mejorar el bienestar, la autoaceptaci\u00f3n y la calidad de vida. En <strong>UNDEV <\/strong>entendemos el neurodesarrollo como un <strong>continuo a lo largo de la vida.<\/strong> Por eso, las dos unidades comparten un mismo modelo de trabajo, basado en:<\/p>\n<ul>\n<li>Rigor cl\u00ednico y cient\u00edfico.<\/li>\n<li>Mirada respetuosa y no patologizante.<\/li>\n<li>Intervenci\u00f3 ajustada a la singularitat de cada persona.<\/li>\n<\/ul>\n<p>[\/vc_column_text][\/vc_column][\/vc_row][\/vc_section][vc_section full_width=\u00bbstretch_row\u00bb css=\u00bb.vc_custom_1771322303894{padding-top: 110px !important;padding-bottom: 110px !important;background-image: url(https:\/\/undev.cat\/wp-content\/uploads\/2026\/02\/banner-bg-4b-scaled.jpg?id=477) !important;background-position: center !important;background-repeat: no-repeat !important;background-size: cover !important;}\u00bb conditional_render=\u00bb%5B%7B%22value_role%22%3A%22administrator%22%7D%5D\u00bb css_params=\u00bb\u00bb el_class=\u00bbmlh_fullscreen_background mlh_tintar_bg_oscuro\u00bb][vc_row][vc_column width=\u00bb1\/4&#8243;][\/vc_column][vc_column width=\u00bb3\/4&#8243; animation_type=\u00bbfadeInRight\u00bb conditional_render=\u00bb%5B%7B%22value_role%22%3A%22administrator%22%7D%5D\u00bb css_params=\u00bb\u00bb][vc_custom_heading text=\u00bb\u00bfA qui\u00e9n se dirige la Unidad de adultos?\u00bb font_container=\u00bbtag:h2|text_align:left|color:%23ffffff\u00bb use_theme_fonts=\u00bbyes\u00bb css_params=\u00bb\u00bb][vc_column_text css=\u00bb\u00bb text_color=\u00bb#ffffff\u00bb css_params=\u00bb\u00bb text_typography=\u00bb{\u00abfamily\u00ab:\u00abDefault\u00ab,\u00abvariant\u00ab:\u00ab500\u00ab,\u00abfont_size\u00ab:\u00ab1.2em\u00ab,\u00abline_height\u00ab:\u00ab1.4em\u00ab,\u00abletter_spacing\u00ab:\u00ab\u00ab,\u00abtext_transform\u00ab:\u00abnone\u00ab}\u00bb]Esta unidad se dirige a personas adultas que:<\/p>\n<ul>\n<li>Se identifican con el diagn\u00f3stico de trastorno del aprendizaje, alta capacidad o TEA de su hijo o hija.<\/li>\n<li>Sospechan que pueden haber tenido un trastorno del aprendizaje no diagnosticado.<\/li>\n<li>Quieren explorar un posible perfil de alta capacidad intelectual en la edad adulta.<\/li>\n<li>Se reconocen en rasgos asociados al TEA.<\/li>\n<li>Necesitan comprender mejor su funcionamiento cognitivo, emocional o relacional.<\/li>\n<li>Buscan dar sentido a su trayectoria acad\u00e9mica, profesional o vital.<\/li>\n<\/ul>\n<p>[\/vc_column_text][\/vc_column][\/vc_row][\/vc_section][vc_section full_width=\u00bbstretch_row\u00bb css=\u00bb.vc_custom_1771322368905{padding-top: 80px !important;padding-bottom: 80px !important;}\u00bb conditional_render=\u00bb%5B%7B%22value_role%22%3A%22administrator%22%7D%5D\u00bb css_params=\u00bb\u00bb][vc_row][vc_column width=\u00bb1\/6&#8243;][\/vc_column][vc_column width=\u00bb4\/6&#8243; text_align=\u00bbcenter\u00bb conditional_render=\u00bb%5B%7B%22value_role%22%3A%22administrator%22%7D%5D\u00bb css_params=\u00bb\u00bb animation_type=\u00bbfadeInRight\u00bb][vc_custom_heading text=\u00bbContacta con nosotros\u00bb font_container=\u00bbtag:h2|text_align:center\u00bb use_theme_fonts=\u00bbyes\u00bb css=\u00bb.vc_custom_1771322575170{margin-bottom: 20px !important;}\u00bb css_params=\u00bb\u00bb][vc_column_text css=\u00bb.vc_custom_1771322516330{margin-bottom: 40px !important;}\u00bb text_typography=\u00bb{\u00abfamily\u00ab:\u00abDefault\u00ab,\u00abvariant\u00ab:\u00ab500\u00ab,\u00abfont_size\u00ab:\u00ab1.1em\u00ab,\u00abline_height\u00ab:\u00ab1.2em\u00ab,\u00abletter_spacing\u00ab:\u00ab\u00ab,\u00abtext_transform\u00ab:\u00abnone\u00ab}\u00bb css_params=\u00bb\u00bb]Un equipo especializado te acompa\u00f1ar\u00e1 con una mirada rigurosa y cercana. Contacta con nosotros y te ayudaremos a encontrar la mejor forma de avanzar con confianza.[\/vc_column_text][vc_btn title=\u00bbContacta\u00bb css=\u00bb.vc_custom_1771322090534{margin-bottom: 0px !important;}\u00bb link=\u00bburl:https%3A%2F%2Fundev.cat%2Fes%2F%23contacto|\u00bb el_class=\u00bbmlh_btn\u00bb css_params=\u00bb\u00bb][\/vc_column][vc_column width=\u00bb1\/6&#8243;][\/vc_column][\/vc_row][\/vc_section]<\/p>\n<\/div>","protected":false},"excerpt":{"rendered":"<p>[vc_section full_width=\u00bbstretch_row\u00bb css=\u00bb.vc_custom_1771257344577{padding-top: 80px !important;padding-bottom: 80px !important;}\u00bb conditional_render=\u00bb%5B%7B%22value_role%22%3A%22administrator%22%7D%5D\u00bb css_params=\u00bb\u00bb][vc_row gap=\u00bb35&#8243; content_placement=\u00bbmiddle\u00bb conditional_render=\u00bb%5B%7B%22value_role%22%3A%22administrator%22%7D%5D\u00bb css_params=\u00bb\u00bb][vc_column width=\u00bb2\/3&#8243; animation_type=\u00bbfadeInRight\u00bb conditional_render=\u00bb%5B%7B%22value_role%22%3A%22administrator%22%7D%5D\u00bb css_params=\u00bb\u00bb][vc_column_text css=\u00bb\u00bb css_params=\u00bb\u00bb text_typography=\u00bb{\u00abfamily\u00ab:\u00abDefault\u00ab,\u00abvariant\u00ab:\u00ab500\u00ab,\u00abfont_size\u00ab:\u00ab1.1em\u00ab,\u00abline_height\u00ab:\u00ab1.2em\u00ab,\u00abletter_spacing\u00ab:\u00ab\u00ab,\u00abtext_transform\u00ab:\u00abnone\u00ab}\u00bb]La Unidad de Adultos de UNDEV naci\u00f3 para dar respuesta a una necesidad cada vez m\u00e1s presente: adultos que, a partir del diagn\u00f3stico de su hijo o hija, se reconocen en determinadas caracter\u00edsticas cognitivas, emocionales o [&hellip;]<\/p>\n","protected":false},"author":5,"featured_media":0,"parent":0,"menu_order":0,"comment_status":"closed","ping_status":"closed","template":"","meta":{"_seopress_robots_primary_cat":"","_seopress_titles_title":"%%sitetitle%% %%sep%% %%post_title%%","_seopress_titles_desc":"%%tagline%%","_seopress_robots_index":"","footnotes":""},"class_list":["post-784","page","type-page","status-publish","hentry"],"_links":{"self":[{"href":"https:\/\/undev.cat\/es\/wp-json\/wp\/v2\/pages\/784","targetHints":{"allow":["GET"]}}],"collection":[{"href":"https:\/\/undev.cat\/es\/wp-json\/wp\/v2\/pages"}],"about":[{"href":"https:\/\/undev.cat\/es\/wp-json\/wp\/v2\/types\/page"}],"author":[{"embeddable":true,"href":"https:\/\/undev.cat\/es\/wp-json\/wp\/v2\/users\/5"}],"replies":[{"embeddable":true,"href":"https:\/\/undev.cat\/es\/wp-json\/wp\/v2\/comments?post=784"}],"version-history":[{"count":2,"href":"https:\/\/undev.cat\/es\/wp-json\/wp\/v2\/pages\/784\/revisions"}],"predecessor-version":[{"id":814,"href":"https:\/\/undev.cat\/es\/wp-json\/wp\/v2\/pages\/784\/revisions\/814"}],"wp:attachment":[{"href":"https:\/\/undev.cat\/es\/wp-json\/wp\/v2\/media?parent=784"}],"curies":[{"name":"wp","href":"https:\/\/api.w.org\/{rel}","templated":true}]}}