{"id":792,"date":"2026-02-16T17:00:30","date_gmt":"2026-02-16T16:00:30","guid":{"rendered":"https:\/\/undev.cat\/unidad-infanto-juvenil\/"},"modified":"2026-03-06T08:35:53","modified_gmt":"2026-03-06T07:35:53","slug":"unidad-infanto-juvenil","status":"publish","type":"page","link":"https:\/\/undev.cat\/es\/unidad-infanto-juvenil\/","title":{"rendered":"Unidad infanto-juvenil"},"content":{"rendered":"<div class=\"wpb-content-wrapper\"><p>[vc_section full_width=\u00bbstretch_row\u00bb css=\u00bb.vc_custom_1771257344577{padding-top: 80px !important;padding-bottom: 80px !important;}\u00bb conditional_render=\u00bb%5B%7B%22value_role%22%3A%22administrator%22%7D%5D\u00bb css_params=\u00bb\u00bb][vc_row gap=\u00bb35&#8243; content_placement=\u00bbmiddle\u00bb conditional_render=\u00bb%5B%7B%22value_role%22%3A%22administrator%22%7D%5D\u00bb css_params=\u00bb\u00bb][vc_column width=\u00bb2\/3&#8243; animation_type=\u00bbfadeInRight\u00bb conditional_render=\u00bb%5B%7B%22value_role%22%3A%22administrator%22%7D%5D\u00bb css_params=\u00bb\u00bb][vc_column_text css=\u00bb\u00bb css_params=\u00bb\u00bb text_typography=\u00bb{\u00abfamily\u00ab:\u00abDefault\u00ab,\u00abvariant\u00ab:\u00ab500\u00ab,\u00abfont_size\u00ab:\u00ab1.1em\u00ab,\u00abline_height\u00ab:\u00ab1.2em\u00ab,\u00abletter_spacing\u00ab:\u00ab\u00ab,\u00abtext_transform\u00ab:\u00abnone\u00ab}\u00bb]Ofrecemos una atenci\u00f3n integral, especializada y basada en la evidencia cient\u00edfica, dirigida a ni\u00f1os, adolescentes, j\u00f3venes y familias; con el objetivo de comprender y acompa\u00f1ar su desarrollo cognitivo, emocional y acad\u00e9mico.<\/p>\n<p>La Unidad Infanto-juvenil de UNDEV est\u00e1 especializada en la atenci\u00f3n a ni\u00f1os y adolescentes, as\u00ed como en el acompa\u00f1amiento de sus familias, con el objetivo de comprender y favorecer su desarrollo cognitivo, emocional, social y acad\u00e9mico.<\/p>\n<p>Entendemos a cada ni\u00f1o como una persona \u00fanica, con un perfil propio de fortalezas y debilidades. Por eso, el abordaje parte siempre de una evaluaci\u00f3n esmerada y de una mirada global del neurodesarrollo.[\/vc_column_text][\/vc_column][vc_column width=\u00bb1\/3&#8243; css=\u00bb.vc_custom_1771258476879{padding-left: 50px !important;}\u00bb conditional_render=\u00bb%5B%7B%22value_role%22%3A%22administrator%22%7D%5D\u00bb css_params=\u00bb{\u00abcss_padding_left_xxl\u00ab:\u00ab40px\u00ab,\u00abcss_padding_left_xl\u00ab:\u00ab30px\u00ab,\u00abcss_padding_left_lg\u00ab:\u00ab25px\u00ab,\u00abcss_padding_right_md\u00ab:\u00ab17px\u00ab,\u00abcss_padding_left_md\u00ab:\u00ab17px\u00ab}\u00bb custom_css_response=\u00bb@media(max-width:porto-xxlpx){.vc_custom_1771258476879{padding-left:40px!important;}}@media(max-width:porto-xlpx){.vc_custom_1771258476879{padding-left:30px!important;}}@media(max-width:991px){.vc_custom_1771258476879{padding-left:25px!important;}}@media(max-width:767px){.vc_custom_1771258476879{padding-right:17px!important;padding-left:17px!important;}}\u00bb][\/vc_column][\/vc_row][\/vc_section][vc_section full_width=\u00bbstretch_row\u00bb css=\u00bb.vc_custom_1771318866614{padding-top: 80px !important;padding-bottom: 80px !important;background-color: #efefef !important;}\u00bb conditional_render=\u00bb%5B%7B%22value_role%22%3A%22administrator%22%7D%5D\u00bb css_params=\u00bb\u00bb][vc_row gap=\u00bb35&#8243; content_placement=\u00bbmiddle\u00bb conditional_render=\u00bb%5B%7B%22value_role%22%3A%22administrator%22%7D%5D\u00bb css_params=\u00bb\u00bb][vc_column width=\u00bb1\/2&#8243; animation_type=\u00bbfadeInRight\u00bb conditional_render=\u00bb%5B%7B%22value_role%22%3A%22administrator%22%7D%5D\u00bb css_params=\u00bb\u00bb][vc_custom_heading text=\u00bbNeuropsicolog\u00eda\u00bb use_theme_fonts=\u00bbyes\u00bb css_params=\u00bb\u00bb][vc_column_text css=\u00bb\u00bb css_params=\u00bb\u00bb]<strong>Exploraci\u00f3n Neuropsicologica<\/strong>: Realizamos estudios diagn\u00f3sticos y diferenciales en casos de<strong> TDAH, dislexia, discalculia, trastornos del aprendizaje, TEA, alta capacidad intelectual (ACI)<\/strong> y otros aspectos del neurodesarrollo. Los informes incluyen conclusiones cl\u00ednicas y <strong>orientaciones pr\u00e1cticas para la familia y la escuela<\/strong>.<\/p>\n<p><strong>Intervenci\u00f3n psicopedag\u00f3gica<\/strong> individualizada.<\/p>\n<p><strong>Logopedia<\/strong> en dificultades del lenguaje, la comunicaci\u00f3n y la lectoescritura.<\/p>\n<p><strong>Atenci\u00f3n psicol\u00f3gica cl\u00ednica<\/strong> para dificultades emocionales, adaptaci\u00f3n o conducta.[\/vc_column_text][\/vc_column][vc_column width=\u00bb1\/2&#8243; animation_delay=\u00bb150&#8243; css=\u00bb.vc_custom_1771344500329{padding-left: 50px !important;}\u00bb conditional_render=\u00bb%5B%7B%22value_role%22%3A%22administrator%22%7D%5D\u00bb css_params=\u00bb{\u00abcss_padding_left_xxl\u00ab:\u00ab40px\u00ab,\u00abcss_padding_left_xl\u00ab:\u00ab30px\u00ab,\u00abcss_padding_left_lg\u00ab:\u00ab25px\u00ab,\u00abcss_padding_right_md\u00ab:\u00ab17px\u00ab,\u00abcss_padding_left_md\u00ab:\u00ab17px\u00ab}\u00bb custom_css_response=\u00bb@media(max-width:porto-xxlpx){.vc_custom_1771344500329{padding-left:40px!important;}}@media(max-width:porto-xlpx){.vc_custom_1771344500329{padding-left:30px!important;}}@media(max-width:991px){.vc_custom_1771344500329{padding-left:25px!important;}}@media(max-width:767px){.vc_custom_1771344500329{padding-right:17px!important;padding-left:17px!important;}}\u00bb animation_type=\u00bbfadeInRight\u00bb][vc_single_image image=\u00bb788&#8243; img_size=\u00bbfull\u00bb css=\u00bb\u00bb img_object=\u00bbcover\u00bb img_pos=\u00bbcenter center\u00bb el_class=\u00bbmlh_img_rounded\u00bb css_params=\u00bb\u00bb img_width=\u00bb{\u00abxl\u00ab:\u00ab100\u00ab,\u00abunit\u00ab:\u00ab%\u00ab,\u00abxs\u00ab:\u00ab\u00ab,\u00absm\u00ab:\u00ab\u00ab,\u00abmd\u00ab:\u00ab\u00ab,\u00ablg\u00ab:\u00ab\u00ab}\u00bb img_height=\u00bb{\u00abxl\u00ab:\u00ab385\u00ab,\u00abunit\u00ab:\u00ab\u00ab,\u00abxs\u00ab:\u00ab\u00ab,\u00absm\u00ab:\u00ab\u00ab,\u00abmd\u00ab:\u00ab\u00ab,\u00ablg\u00ab:\u00ab\u00ab}\u00bb][\/vc_column][\/vc_row][\/vc_section][vc_section full_width=\u00bbstretch_row\u00bb css=\u00bb.vc_custom_1771318917311{padding-top: 80px !important;padding-bottom: 80px !important;}\u00bb conditional_render=\u00bb%5B%7B%22value_role%22%3A%22administrator%22%7D%5D\u00bb css_params=\u00bb\u00bb][vc_row gap=\u00bb35&#8243; content_placement=\u00bbmiddle\u00bb conditional_render=\u00bb%5B%7B%22value_role%22%3A%22administrator%22%7D%5D\u00bb css_params=\u00bb\u00bb][vc_column width=\u00bb1\/2&#8243; css=\u00bb.vc_custom_1771344508884{padding-right: 50px !important;}\u00bb conditional_render=\u00bb%5B%7B%22value_role%22%3A%22administrator%22%7D%5D\u00bb css_params=\u00bb{\u00abcss_padding_right_xxl\u00ab:\u00ab40px\u00ab,\u00abcss_padding_right_xl\u00ab:\u00ab30px\u00ab,\u00abcss_padding_right_lg\u00ab:\u00ab25px\u00ab,\u00abcss_padding_right_md\u00ab:\u00ab17px\u00ab,\u00abcss_padding_left_md\u00ab:\u00ab17px\u00ab}\u00bb custom_css_response=\u00bb@media(max-width:porto-xxlpx){.vc_custom_1771344508884{padding-right:40px!important;}}@media(max-width:porto-xlpx){.vc_custom_1771344508884{padding-right:30px!important;}}@media(max-width:991px){.vc_custom_1771344508884{padding-right:25px!important;}}@media(max-width:767px){.vc_custom_1771344508884{padding-right:17px!important;padding-left:17px!important;}}\u00bb el_class=\u00bbmlh_orden_despues\u00bb animation_type=\u00bbfadeInRight\u00bb][vc_single_image image=\u00bb789&#8243; img_size=\u00bbfull\u00bb css=\u00bb\u00bb img_object=\u00bbcover\u00bb img_pos=\u00bbcenter center\u00bb el_class=\u00bbmlh_img_rounded\u00bb css_params=\u00bb\u00bb img_width=\u00bb{\u00abxl\u00ab:\u00ab100\u00ab,\u00abunit\u00ab:\u00ab%\u00ab,\u00abxs\u00ab:\u00ab\u00ab,\u00absm\u00ab:\u00ab\u00ab,\u00abmd\u00ab:\u00ab\u00ab,\u00ablg\u00ab:\u00ab\u00ab}\u00bb img_height=\u00bb{\u00abxl\u00ab:\u00ab350\u00ab,\u00abunit\u00ab:\u00ab\u00ab,\u00abxs\u00ab:\u00ab\u00ab,\u00absm\u00ab:\u00ab\u00ab,\u00abmd\u00ab:\u00ab\u00ab,\u00ablg\u00ab:\u00ab\u00ab}\u00bb][\/vc_column][vc_column width=\u00bb1\/2&#8243; animation_delay=\u00bb150&#8243; animation_type=\u00bbfadeInRight\u00bb conditional_render=\u00bb%5B%7B%22value_role%22%3A%22administrator%22%7D%5D\u00bb css_params=\u00bb\u00bb][vc_custom_heading text=\u00bbPsicopedagog\u00eda\u00bb use_theme_fonts=\u00bbyes\u00bb css_params=\u00bb\u00bb][vc_column_text css=\u00bb\u00bb css_params=\u00bb\u00bb]<strong>Acompa\u00f1amos los procesos de aprendizaje <\/strong>desde una mirada individualizada, teniendo en cuenta el perfil cognitivo de cada alumno. Ofrecemos:<\/p>\n<ul>\n<li>Reeducaciones en lectura, escritura y matem\u00e1ticas.<\/li>\n<li>Intervenci\u00f3n en dificultades escolares y acad\u00e9micas.<\/li>\n<li>Desarrollo de estrategias de estudio y organizaci\u00f3n.<\/li>\n<li>Apoyo al alumnado con necesidades educativas espec\u00edficas.<\/li>\n<li>Orientaci\u00f3n a familias y coordinaci\u00f3n con centros educativos.<\/li>\n<\/ul>\n<p>[\/vc_column_text][\/vc_column][\/vc_row][\/vc_section][vc_section full_width=\u00bbstretch_row\u00bb css=\u00bb.vc_custom_1771318888042{padding-top: 80px !important;padding-bottom: 80px !important;background-color: #efefef !important;}\u00bb conditional_render=\u00bb%5B%7B%22value_role%22%3A%22administrator%22%7D%5D\u00bb css_params=\u00bb\u00bb][vc_row gap=\u00bb35&#8243; content_placement=\u00bbmiddle\u00bb conditional_render=\u00bb%5B%7B%22value_role%22%3A%22administrator%22%7D%5D\u00bb css_params=\u00bb\u00bb][vc_column width=\u00bb1\/2&#8243; animation_type=\u00bbfadeInRight\u00bb conditional_render=\u00bb%5B%7B%22value_role%22%3A%22administrator%22%7D%5D\u00bb css_params=\u00bb\u00bb][vc_custom_heading text=\u00bbLogopedia\u00bb use_theme_fonts=\u00bbyes\u00bb css_params=\u00bb\u00bb][vc_column_text css=\u00bb\u00bb css_params=\u00bb\u00bb]Intervenimos en dificultades relacionadas con la comunicaci\u00f3n, el lenguaje y el habla, tanto en edades tempranas como en etapas escolares y adolescentes:<\/p>\n<ul>\n<li>Trastornos del lenguaje oral y escrito.<\/li>\n<li>Dificultades fonol\u00f3gicas y articulatorias.<\/li>\n<li>Trastornos de la fluidez y la comunicaci\u00f3n social.<\/li>\n<li>Retrasos y alteraciones en el desarrollo del lenguaje.<\/li>\n<\/ul>\n<p>El trabajo logop\u00e9dico se integra con el resto de \u00e1reas cuando es necesario, para garantizar una intervenci\u00f3n coherente y global.[\/vc_column_text][\/vc_column][vc_column width=\u00bb1\/2&#8243; animation_delay=\u00bb150&#8243; css=\u00bb.vc_custom_1771344547586{padding-left: 50px !important;}\u00bb conditional_render=\u00bb%5B%7B%22value_role%22%3A%22administrator%22%7D%5D\u00bb css_params=\u00bb{\u00abcss_padding_left_xxl\u00ab:\u00ab40px\u00ab,\u00abcss_padding_left_xl\u00ab:\u00ab30px\u00ab,\u00abcss_padding_left_lg\u00ab:\u00ab25px\u00ab,\u00abcss_padding_right_md\u00ab:\u00ab17px\u00ab,\u00abcss_padding_left_md\u00ab:\u00ab17px\u00ab}\u00bb custom_css_response=\u00bb@media(max-width:porto-xxlpx){.vc_custom_1771344547586{padding-left:40px!important;}}@media(max-width:porto-xlpx){.vc_custom_1771344547586{padding-left:30px!important;}}@media(max-width:991px){.vc_custom_1771344547586{padding-left:25px!important;}}@media(max-width:767px){.vc_custom_1771344547586{padding-right:17px!important;padding-left:17px!important;}}\u00bb animation_type=\u00bbfadeInRight\u00bb][vc_single_image image=\u00bb790&#8243; img_size=\u00bbfull\u00bb css=\u00bb\u00bb img_object=\u00bbcover\u00bb img_pos=\u00bbcenter center\u00bb el_class=\u00bbmlh_img_rounded\u00bb css_params=\u00bb\u00bb img_width=\u00bb{\u00abxl\u00ab:\u00ab100\u00ab,\u00abunit\u00ab:\u00ab%\u00ab,\u00abxs\u00ab:\u00ab\u00ab,\u00absm\u00ab:\u00ab\u00ab,\u00abmd\u00ab:\u00ab\u00ab,\u00ablg\u00ab:\u00ab\u00ab}\u00bb img_height=\u00bb{\u00abxl\u00ab:\u00ab350\u00ab,\u00abunit\u00ab:\u00ab\u00ab,\u00abxs\u00ab:\u00ab\u00ab,\u00absm\u00ab:\u00ab\u00ab,\u00abmd\u00ab:\u00ab\u00ab,\u00ablg\u00ab:\u00ab\u00ab}\u00bb][\/vc_column][\/vc_row][\/vc_section][vc_section full_width=\u00bbstretch_row\u00bb css=\u00bb.vc_custom_1771318940140{padding-top: 80px !important;padding-bottom: 80px !important;}\u00bb conditional_render=\u00bb%5B%7B%22value_role%22%3A%22administrator%22%7D%5D\u00bb css_params=\u00bb\u00bb][vc_row gap=\u00bb35&#8243; content_placement=\u00bbmiddle\u00bb conditional_render=\u00bb%5B%7B%22value_role%22%3A%22administrator%22%7D%5D\u00bb css_params=\u00bb\u00bb][vc_column width=\u00bb1\/2&#8243; css=\u00bb.vc_custom_1771344559535{padding-right: 50px !important;}\u00bb conditional_render=\u00bb%5B%7B%22value_role%22%3A%22administrator%22%7D%5D\u00bb css_params=\u00bb{\u00abcss_padding_right_xxl\u00ab:\u00ab40px\u00ab,\u00abcss_padding_right_xl\u00ab:\u00ab30px\u00ab,\u00abcss_padding_right_lg\u00ab:\u00ab25px\u00ab,\u00abcss_padding_right_md\u00ab:\u00ab17px\u00ab,\u00abcss_padding_left_md\u00ab:\u00ab17px\u00ab}\u00bb custom_css_response=\u00bb@media(max-width:porto-xxlpx){.vc_custom_1771344559535{padding-right:40px!important;}}@media(max-width:porto-xlpx){.vc_custom_1771344559535{padding-right:30px!important;}}@media(max-width:991px){.vc_custom_1771344559535{padding-right:25px!important;}}@media(max-width:767px){.vc_custom_1771344559535{padding-right:17px!important;padding-left:17px!important;}}\u00bb el_class=\u00bbmlh_orden_despues\u00bb animation_type=\u00bbfadeInRight\u00bb][vc_single_image image=\u00bb791&#8243; img_size=\u00bbfull\u00bb css=\u00bb\u00bb img_object=\u00bbcover\u00bb img_pos=\u00bbcenter center\u00bb el_class=\u00bbmlh_img_rounded\u00bb css_params=\u00bb\u00bb img_width=\u00bb{\u00abxl\u00ab:\u00ab100\u00ab,\u00abunit\u00ab:\u00ab%\u00ab,\u00abxs\u00ab:\u00ab\u00ab,\u00absm\u00ab:\u00ab\u00ab,\u00abmd\u00ab:\u00ab\u00ab,\u00ablg\u00ab:\u00ab\u00ab}\u00bb img_height=\u00bb{\u00abxl\u00ab:\u00ab350\u00ab,\u00abunit\u00ab:\u00ab\u00ab,\u00abxs\u00ab:\u00ab\u00ab,\u00absm\u00ab:\u00ab\u00ab,\u00abmd\u00ab:\u00ab\u00ab,\u00ablg\u00ab:\u00ab\u00ab}\u00bb][\/vc_column][vc_column width=\u00bb1\/2&#8243; animation_delay=\u00bb150&#8243; animation_type=\u00bbfadeInRight\u00bb conditional_render=\u00bb%5B%7B%22value_role%22%3A%22administrator%22%7D%5D\u00bb css_params=\u00bb\u00bb][vc_custom_heading text=\u00bbPsicolog\u00eda cl\u00ednica\u00bb use_theme_fonts=\u00bbyes\u00bb css_params=\u00bb\u00bb][vc_column_text css=\u00bb\u00bb css_params=\u00bb\u00bb]Ofrecemos<strong> atenci\u00f3n psicol\u00f3gica especializada<\/strong> en ni\u00f1os, adolescentes y familias para abordar:<\/p>\n<ul>\n<li>Dificultades emocionales y de regulaci\u00f3n psicoafectiva.<\/li>\n<li>Ansiedad, estr\u00e9s y estado de \u00e1nimo.<\/li>\n<li>Autoestima y gesti\u00f3n emocional.<\/li>\n<li>Dificultades de conducta y adaptaci\u00f3n.<\/li>\n<li>Acompa\u00f1amiento familiar y orientaci\u00f3n parental.<\/li>\n<\/ul>\n<p>[\/vc_column_text][\/vc_column][\/vc_row][\/vc_section][vc_section full_width=\u00bbstretch_row\u00bb css=\u00bb.vc_custom_1771322303894{padding-top: 110px !important;padding-bottom: 110px !important;background-image: url(https:\/\/undev.cat\/wp-content\/uploads\/2026\/02\/banner-bg-4b-scaled.jpg?id=477) !important;background-position: center !important;background-repeat: no-repeat !important;background-size: cover !important;}\u00bb conditional_render=\u00bb%5B%7B%22value_role%22%3A%22administrator%22%7D%5D\u00bb css_params=\u00bb\u00bb el_class=\u00bbmlh_fullscreen_background mlh_tintar_bg_oscuro\u00bb][vc_row][vc_column width=\u00bb1\/4&#8243; animation_type=\u00bbfadeInRight\u00bb conditional_render=\u00bb%5B%7B%22value_role%22%3A%22administrator%22%7D%5D\u00bb css_params=\u00bb\u00bb][\/vc_column][vc_column width=\u00bb3\/4&#8243; animation_delay=\u00bb150&#8243; animation_type=\u00bbfadeInRight\u00bb conditional_render=\u00bb%5B%7B%22value_role%22%3A%22administrator%22%7D%5D\u00bb css_params=\u00bb\u00bb][vc_custom_heading text=\u00bb\u00bfA qui\u00e9n se dirige la Unidad infanto-juvenil?\u00bb font_container=\u00bbtag:h2|text_align:left|color:%23ffffff\u00bb use_theme_fonts=\u00bbyes\u00bb css_params=\u00bb\u00bb][vc_column_text css=\u00bb\u00bb text_color=\u00bb#ffffff\u00bb css_params=\u00bb\u00bb text_typography=\u00bb{\u00abfamily\u00ab:\u00abDefault\u00ab,\u00abvariant\u00ab:\u00ab500\u00ab,\u00abfont_size\u00ab:\u00ab1.2em\u00ab,\u00abline_height\u00ab:\u00ab1.4em\u00ab,\u00abletter_spacing\u00ab:\u00ab\u00ab,\u00abtext_transform\u00ab:\u00abnone\u00ab}\u00bb]Atendemos a ni\u00f1os y adolescentes que presentan o pueden presentar:<\/p>\n<ul>\n<li>Dificultades de aprendizaje (lectura, escritura, matem\u00e1ticas).<\/li>\n<li>Dificultades atencionales y de funciones ejecutivas.<\/li>\n<li>Dificultades emocionales, conductuales o de adaptaci\u00f3n.<\/li>\n<li>Dificultades en la comunicaci\u00f3n, lenguaje o cognici\u00f3n social.<\/li>\n<li>Perfiles de alta capacidad intelectual.<\/li>\n<li>Trastornos del neurodesarrollo como el TDAH o el TEA.<\/li>\n<\/ul>\n<p>Tambi\u00e9n acompa\u00f1amos a familias que necesitan orientaci\u00f3n para comprender mejor el funcionamiento de su hijo o hija y saber saber c\u00f3mo ayudarlo en el d\u00eda a d\u00eda.[\/vc_column_text][\/vc_column][\/vc_row][\/vc_section][vc_section full_width=\u00bbstretch_row\u00bb css=\u00bb.vc_custom_1771322368905{padding-top: 80px !important;padding-bottom: 80px !important;}\u00bb conditional_render=\u00bb%5B%7B%22value_role%22%3A%22administrator%22%7D%5D\u00bb css_params=\u00bb\u00bb][vc_row][vc_column width=\u00bb1\/6&#8243;][\/vc_column][vc_column width=\u00bb4\/6&#8243; text_align=\u00bbcenter\u00bb conditional_render=\u00bb%5B%7B%22value_role%22%3A%22administrator%22%7D%5D\u00bb css_params=\u00bb\u00bb animation_type=\u00bbfadeInRight\u00bb][vc_custom_heading text=\u00bbContacta con nosotros\u00bb font_container=\u00bbtag:h2|text_align:center\u00bb use_theme_fonts=\u00bbyes\u00bb css=\u00bb.vc_custom_1771322575170{margin-bottom: 20px !important;}\u00bb css_params=\u00bb\u00bb][vc_column_text css=\u00bb.vc_custom_1771322516330{margin-bottom: 40px !important;}\u00bb text_typography=\u00bb{\u00abfamily\u00ab:\u00abDefault\u00ab,\u00abvariant\u00ab:\u00ab500\u00ab,\u00abfont_size\u00ab:\u00ab1.1em\u00ab,\u00abline_height\u00ab:\u00ab1.2em\u00ab,\u00abletter_spacing\u00ab:\u00ab\u00ab,\u00abtext_transform\u00ab:\u00abnone\u00ab}\u00bb css_params=\u00bb\u00bb]Un equipo especializado te acompa\u00f1ar\u00e1 con una mirada rigurosa y cercana. Contacta con nosotros y te ayudaremos a encontrar la mejor forma de avanzar con confianza.[\/vc_column_text][vc_btn title=\u00bbContacta\u00bb css=\u00bb.vc_custom_1771322090534{margin-bottom: 0px !important;}\u00bb link=\u00bburl:https%3A%2F%2Fundev.cat%2Fes%2F%23contacto|\u00bb el_class=\u00bbmlh_btn\u00bb css_params=\u00bb\u00bb][\/vc_column][vc_column width=\u00bb1\/6&#8243;][\/vc_column][\/vc_row][\/vc_section]<\/p>\n<\/div>","protected":false},"excerpt":{"rendered":"<p>[vc_section full_width=\u00bbstretch_row\u00bb css=\u00bb.vc_custom_1771257344577{padding-top: 80px !important;padding-bottom: 80px !important;}\u00bb conditional_render=\u00bb%5B%7B%22value_role%22%3A%22administrator%22%7D%5D\u00bb css_params=\u00bb\u00bb][vc_row gap=\u00bb35&#8243; content_placement=\u00bbmiddle\u00bb conditional_render=\u00bb%5B%7B%22value_role%22%3A%22administrator%22%7D%5D\u00bb css_params=\u00bb\u00bb][vc_column width=\u00bb2\/3&#8243; animation_type=\u00bbfadeInRight\u00bb conditional_render=\u00bb%5B%7B%22value_role%22%3A%22administrator%22%7D%5D\u00bb css_params=\u00bb\u00bb][vc_column_text css=\u00bb\u00bb css_params=\u00bb\u00bb text_typography=\u00bb{\u00abfamily\u00ab:\u00abDefault\u00ab,\u00abvariant\u00ab:\u00ab500\u00ab,\u00abfont_size\u00ab:\u00ab1.1em\u00ab,\u00abline_height\u00ab:\u00ab1.2em\u00ab,\u00abletter_spacing\u00ab:\u00ab\u00ab,\u00abtext_transform\u00ab:\u00abnone\u00ab}\u00bb]Ofrecemos una atenci\u00f3n integral, especializada y basada en la evidencia cient\u00edfica, dirigida a ni\u00f1os, adolescentes, j\u00f3venes y familias; con el objetivo de comprender y acompa\u00f1ar su desarrollo cognitivo, emocional y acad\u00e9mico. La Unidad Infanto-juvenil de UNDEV [&hellip;]<\/p>\n","protected":false},"author":5,"featured_media":0,"parent":0,"menu_order":0,"comment_status":"closed","ping_status":"closed","template":"","meta":{"_seopress_robots_primary_cat":"","_seopress_titles_title":"%%sitetitle%% %%sep%% %%post_title%%","_seopress_titles_desc":"Atenci\u00f3n integral para ni\u00f1os y adolescentes: neuropediatr\u00eda, psicolog\u00eda y logopedia especializada en el desarrollo y bienestar juvenil.","_seopress_robots_index":"","footnotes":""},"class_list":["post-792","page","type-page","status-publish","hentry"],"_links":{"self":[{"href":"https:\/\/undev.cat\/es\/wp-json\/wp\/v2\/pages\/792","targetHints":{"allow":["GET"]}}],"collection":[{"href":"https:\/\/undev.cat\/es\/wp-json\/wp\/v2\/pages"}],"about":[{"href":"https:\/\/undev.cat\/es\/wp-json\/wp\/v2\/types\/page"}],"author":[{"embeddable":true,"href":"https:\/\/undev.cat\/es\/wp-json\/wp\/v2\/users\/5"}],"replies":[{"embeddable":true,"href":"https:\/\/undev.cat\/es\/wp-json\/wp\/v2\/comments?post=792"}],"version-history":[{"count":2,"href":"https:\/\/undev.cat\/es\/wp-json\/wp\/v2\/pages\/792\/revisions"}],"predecessor-version":[{"id":818,"href":"https:\/\/undev.cat\/es\/wp-json\/wp\/v2\/pages\/792\/revisions\/818"}],"wp:attachment":[{"href":"https:\/\/undev.cat\/es\/wp-json\/wp\/v2\/media?parent=792"}],"curies":[{"name":"wp","href":"https:\/\/api.w.org\/{rel}","templated":true}]}}